{"id":6260,"date":"2017-12-03T15:57:20","date_gmt":"2017-12-03T14:57:20","guid":{"rendered":"http:\/\/jumelage.org\/francais\/?page_id=6260"},"modified":"2019-01-13T18:05:22","modified_gmt":"2019-01-13T17:05:22","slug":"drapeau-dhonneur-de-leurope","status":"publish","type":"page","link":"http:\/\/jumelage.org\/francais\/manifestations\/drapeau-dhonneur-de-leurope\/","title":{"rendered":"Drapeau d&rsquo;honneur de l&rsquo;Europe"},"content":{"rendered":"<p style=\"text-align: justify;\"><span style=\"color: #ffffff;\">.&nbsp;&nbsp;&nbsp;&nbsp;&nbsp;&nbsp;&nbsp;&nbsp;&nbsp;&nbsp;&nbsp;&nbsp;&nbsp;&nbsp;&nbsp;&nbsp;&nbsp;<\/span> Le<strong> Drapeau d\u2019honneur de l\u2019Europe<\/strong> a \u00e9t\u00e9 remis \u00e0 la Ville de Saint-Germain-en-Laye, samedi 02 d\u00e9cembre 2017, par M. Luis Leite Ramos, d\u00e9put\u00e9 portugais membre de l\u2019Assembl\u00e9e parlementaire du Conseil de l\u2019Europe. Le Drapeau d\u2019honneur (brod\u00e9 et frang\u00e9 d\u2019or) est la deuxi\u00e8me distinction, apr\u00e8s le Dipl\u00f4me europ\u00e9en obtenu en 2016, et la deuxi\u00e8me \u00e9tape de quatre jusqu\u2019\u00e0 l\u2019obtention du Prix de l\u2019Europe. Cr\u00e9\u00e9 en 1955, le Prix de l\u2019Europe r\u00e9compense les villes particuli\u00e8rement actives dans la promotion de l\u2019id\u00e9al europ\u00e9en, qui se distinguent par leur engagement europ\u00e9en, leurs activit\u00e9s de jumelage, leurs \u00e9changes dans le domaine de l\u2019\u00e9ducation, de la culture et du sport, l\u2019organisation d\u2019\u00e9v\u00e8nements europ\u00e9ens, etc&nbsp;\u2026<\/p>\n<p style=\"text-align: justify;\"><img decoding=\"async\" class=\"alignnone size-full wp-image-6265\" src=\"http:\/\/jumelage.org\/francais\/wp-content\/uploads\/2017\/12\/2017-12-02-10.jpg\" alt=\"\" width=\"3648\" height=\"2736\" srcset=\"https:\/\/jumelage.org\/francais\/wp-content\/uploads\/2017\/12\/2017-12-02-10.jpg 1920w, https:\/\/jumelage.org\/francais\/wp-content\/uploads\/2017\/12\/2017-12-02-10-300x225.jpg 300w, https:\/\/jumelage.org\/francais\/wp-content\/uploads\/2017\/12\/2017-12-02-10-768x576.jpg 768w, https:\/\/jumelage.org\/francais\/wp-content\/uploads\/2017\/12\/2017-12-02-10-1024x768.jpg 1024w, https:\/\/jumelage.org\/francais\/wp-content\/uploads\/2017\/12\/2017-12-02-10-830x623.jpg 830w, https:\/\/jumelage.org\/francais\/wp-content\/uploads\/2017\/12\/2017-12-02-10-230x173.jpg 230w, https:\/\/jumelage.org\/francais\/wp-content\/uploads\/2017\/12\/2017-12-02-10-350x263.jpg 350w, https:\/\/jumelage.org\/francais\/wp-content\/uploads\/2017\/12\/2017-12-02-10-480x360.jpg 480w\" sizes=\"(max-width: 3648px) 100vw, 3648px\" \/><\/p>\n<p><img decoding=\"async\" class=\"wp-image-6308 aligncenter\" src=\"http:\/\/jumelage.org\/francais\/wp-content\/uploads\/2017\/12\/2017-12-02-17.jpg\" alt=\"\" width=\"1316\" height=\"878\" srcset=\"https:\/\/jumelage.org\/francais\/wp-content\/uploads\/2017\/12\/2017-12-02-17.jpg 1048w, https:\/\/jumelage.org\/francais\/wp-content\/uploads\/2017\/12\/2017-12-02-17-300x200.jpg 300w, https:\/\/jumelage.org\/francais\/wp-content\/uploads\/2017\/12\/2017-12-02-17-768x512.jpg 768w, https:\/\/jumelage.org\/francais\/wp-content\/uploads\/2017\/12\/2017-12-02-17-1024x683.jpg 1024w, https:\/\/jumelage.org\/francais\/wp-content\/uploads\/2017\/12\/2017-12-02-17-830x554.jpg 830w, https:\/\/jumelage.org\/francais\/wp-content\/uploads\/2017\/12\/2017-12-02-17-230x153.jpg 230w, https:\/\/jumelage.org\/francais\/wp-content\/uploads\/2017\/12\/2017-12-02-17-350x233.jpg 350w, https:\/\/jumelage.org\/francais\/wp-content\/uploads\/2017\/12\/2017-12-02-17-480x320.jpg 480w, https:\/\/jumelage.org\/francais\/wp-content\/uploads\/2017\/12\/2017-12-02-17-272x182.jpg 272w\" sizes=\"(max-width: 1316px) 100vw, 1316px\" \/><\/p>\n<p><img decoding=\"async\" class=\"wp-image-6309 aligncenter\" src=\"http:\/\/jumelage.org\/francais\/wp-content\/uploads\/2017\/12\/2017-12-02-18.jpg\" alt=\"\" width=\"1316\" height=\"943\" srcset=\"https:\/\/jumelage.org\/francais\/wp-content\/uploads\/2017\/12\/2017-12-02-18.jpg 1189w, https:\/\/jumelage.org\/francais\/wp-content\/uploads\/2017\/12\/2017-12-02-18-300x215.jpg 300w, https:\/\/jumelage.org\/francais\/wp-content\/uploads\/2017\/12\/2017-12-02-18-768x550.jpg 768w, https:\/\/jumelage.org\/francais\/wp-content\/uploads\/2017\/12\/2017-12-02-18-1024x734.jpg 1024w, https:\/\/jumelage.org\/francais\/wp-content\/uploads\/2017\/12\/2017-12-02-18-830x595.jpg 830w, https:\/\/jumelage.org\/francais\/wp-content\/uploads\/2017\/12\/2017-12-02-18-230x165.jpg 230w, https:\/\/jumelage.org\/francais\/wp-content\/uploads\/2017\/12\/2017-12-02-18-350x251.jpg 350w, https:\/\/jumelage.org\/francais\/wp-content\/uploads\/2017\/12\/2017-12-02-18-480x344.jpg 480w\" sizes=\"(max-width: 1316px) 100vw, 1316px\" \/><\/p>\n<p style=\"text-align: justify;\"><span style=\"color: #ffffff;\">.&nbsp;&nbsp;&nbsp;&nbsp;&nbsp;&nbsp;&nbsp;&nbsp;&nbsp;&nbsp;&nbsp;&nbsp;&nbsp;&nbsp;&nbsp;&nbsp;&nbsp;<\/span> Le maire Arnaud P\u00e9ricard&nbsp;: <em>\u00ab&nbsp;C\u2019est avec beaucoup de fiert\u00e9 que la Ville re\u00e7oit aujourd\u2019hui le Drapeau d\u2019honneur europ\u00e9en attribu\u00e9 par l\u2019assembl\u00e9e parlementaire du Conseil de l\u2019Europe. Une r\u00e9compense remise par le d\u00e9put\u00e9 portugais Luis Leite Ramos qui souligne notre action \u00e0 l\u2019international. L\u2019occasion de saluer le travail de Ren\u00e9 Prioux, v\u00e9ritable moteur de notre politique \u00e0 l\u2019international. Une th\u00e9matique inscrite dans notre identit\u00e9 profonde que nous faisons vivre au quotidien avec nos jumelages europ\u00e9ens (Aschaffenburg, Ayr, Konstancin Jeziorna, Sorente) et que nous partageons avec le monde scolaire. La vitalit\u00e9 europ\u00e9enne de Saint-Germain se retrouve partout : dans nos restaurants, dans la programmation du th\u00e9\u00e2tre, dans les rayons de nos m\u00e9diath\u00e8ques, dans le nom de nos rues, dans nos manifestations, dans nos clubs sportifs\u2026 En somme, partout dans la vie de notre ville.&nbsp;\u00bb <\/em><\/p>\n<p style=\"text-align: justify;\"><em>&nbsp;<\/em><span style=\"color: #ffffff;\">.&nbsp;&nbsp;&nbsp;&nbsp;&nbsp;&nbsp;&nbsp;&nbsp;&nbsp;&nbsp;&nbsp;&nbsp;&nbsp;&nbsp;&nbsp;&nbsp;&nbsp;<\/span> Les cinq jumelages europ\u00e9ens, ainsi que le n\u00f4tre bien que notre ville jumelle soit outre-Atlantique, ont \u00e9t\u00e9 particuli\u00e8rement associ\u00e9s \u00e0 cette reconnaissance.<\/p>\n<p style=\"text-align: justify;\"><img decoding=\"async\" class=\"alignnone size-full wp-image-6266\" src=\"http:\/\/jumelage.org\/francais\/wp-content\/uploads\/2017\/12\/2017-12-02-12.jpg\" alt=\"\" width=\"2928\" height=\"2206\" srcset=\"https:\/\/jumelage.org\/francais\/wp-content\/uploads\/2017\/12\/2017-12-02-12.jpg 1920w, https:\/\/jumelage.org\/francais\/wp-content\/uploads\/2017\/12\/2017-12-02-12-300x226.jpg 300w, https:\/\/jumelage.org\/francais\/wp-content\/uploads\/2017\/12\/2017-12-02-12-768x579.jpg 768w, https:\/\/jumelage.org\/francais\/wp-content\/uploads\/2017\/12\/2017-12-02-12-1024x771.jpg 1024w, https:\/\/jumelage.org\/francais\/wp-content\/uploads\/2017\/12\/2017-12-02-12-830x625.jpg 830w, https:\/\/jumelage.org\/francais\/wp-content\/uploads\/2017\/12\/2017-12-02-12-230x173.jpg 230w, https:\/\/jumelage.org\/francais\/wp-content\/uploads\/2017\/12\/2017-12-02-12-350x264.jpg 350w, https:\/\/jumelage.org\/francais\/wp-content\/uploads\/2017\/12\/2017-12-02-12-480x362.jpg 480w\" sizes=\"(max-width: 2928px) 100vw, 2928px\" \/><\/p>\n<p style=\"text-align: justify;\"><span style=\"color: #ffffff;\">.&nbsp;&nbsp;&nbsp;&nbsp;&nbsp;&nbsp;&nbsp;&nbsp;&nbsp;&nbsp;&nbsp;&nbsp; <\/span>Le Conseil de l\u2019Europe, fond\u00e9 en 1949, a son si\u00e8ge \u00e0 Strasbourg et est la principale organisation de d\u00e9fense des droits de l\u2019homme du continent europ\u00e9en. Ses 47 pays membres, dont les 28 de l\u2019Union europ\u00e9enne, ont sign\u00e9 la Convention europ\u00e9enne des droits de l\u2019homme, un trait\u00e9 visant \u00e0 prot\u00e9ger les droits de l\u2019homme, la d\u00e9mocratie et l\u2019Etat de droit. Ils n&rsquo;appliquent plus la peine de mort. Le Conseil de l&rsquo;Europe d\u00e9fend les droits de l&rsquo;homme par le biais de conventions internationales. Il pr\u00e9conise la libert\u00e9 d&rsquo;expression et la libert\u00e9 des m\u00e9dias, la libert\u00e9 de r\u00e9union, l&rsquo;\u00e9galit\u00e9 et la protection des minorit\u00e9s.<\/p>\n<p><img decoding=\"async\" class=\"alignnone wp-image-6267 aligncenter\" src=\"http:\/\/jumelage.org\/francais\/wp-content\/uploads\/2017\/12\/2017-12-02.jpg\" alt=\"\" width=\"827\" height=\"481\" srcset=\"https:\/\/jumelage.org\/francais\/wp-content\/uploads\/2017\/12\/2017-12-02.jpg 661w, https:\/\/jumelage.org\/francais\/wp-content\/uploads\/2017\/12\/2017-12-02-300x174.jpg 300w, https:\/\/jumelage.org\/francais\/wp-content\/uploads\/2017\/12\/2017-12-02-230x134.jpg 230w, https:\/\/jumelage.org\/francais\/wp-content\/uploads\/2017\/12\/2017-12-02-350x203.jpg 350w, https:\/\/jumelage.org\/francais\/wp-content\/uploads\/2017\/12\/2017-12-02-480x279.jpg 480w\" sizes=\"(max-width: 827px) 100vw, 827px\" \/><\/p>\n<p><img decoding=\"async\" class=\"alignnone wp-image-6268 aligncenter\" src=\"http:\/\/jumelage.org\/francais\/wp-content\/uploads\/2017\/12\/2017-12-02-3.jpg\" alt=\"\" width=\"826\" height=\"1152\" srcset=\"https:\/\/jumelage.org\/francais\/wp-content\/uploads\/2017\/12\/2017-12-02-3.jpg 1377w, https:\/\/jumelage.org\/francais\/wp-content\/uploads\/2017\/12\/2017-12-02-3-215x300.jpg 215w, https:\/\/jumelage.org\/francais\/wp-content\/uploads\/2017\/12\/2017-12-02-3-768x1071.jpg 768w, https:\/\/jumelage.org\/francais\/wp-content\/uploads\/2017\/12\/2017-12-02-3-734x1024.jpg 734w, https:\/\/jumelage.org\/francais\/wp-content\/uploads\/2017\/12\/2017-12-02-3-830x1157.jpg 830w, https:\/\/jumelage.org\/francais\/wp-content\/uploads\/2017\/12\/2017-12-02-3-230x321.jpg 230w, https:\/\/jumelage.org\/francais\/wp-content\/uploads\/2017\/12\/2017-12-02-3-350x488.jpg 350w, https:\/\/jumelage.org\/francais\/wp-content\/uploads\/2017\/12\/2017-12-02-3-480x669.jpg 480w\" sizes=\"(max-width: 826px) 100vw, 826px\" \/><\/p>\n<p><img decoding=\"async\" class=\"alignnone size-full wp-image-6270 aligncenter\" src=\"http:\/\/jumelage.org\/francais\/wp-content\/uploads\/2017\/12\/2017-12-02-2.jpg\" alt=\"\" width=\"1809\" height=\"1266\" srcset=\"https:\/\/jumelage.org\/francais\/wp-content\/uploads\/2017\/12\/2017-12-02-2.jpg 1809w, https:\/\/jumelage.org\/francais\/wp-content\/uploads\/2017\/12\/2017-12-02-2-300x210.jpg 300w, https:\/\/jumelage.org\/francais\/wp-content\/uploads\/2017\/12\/2017-12-02-2-768x537.jpg 768w, https:\/\/jumelage.org\/francais\/wp-content\/uploads\/2017\/12\/2017-12-02-2-1024x717.jpg 1024w, https:\/\/jumelage.org\/francais\/wp-content\/uploads\/2017\/12\/2017-12-02-2-830x581.jpg 830w, https:\/\/jumelage.org\/francais\/wp-content\/uploads\/2017\/12\/2017-12-02-2-230x161.jpg 230w, https:\/\/jumelage.org\/francais\/wp-content\/uploads\/2017\/12\/2017-12-02-2-350x245.jpg 350w, https:\/\/jumelage.org\/francais\/wp-content\/uploads\/2017\/12\/2017-12-02-2-480x336.jpg 480w\" sizes=\"(max-width: 1809px) 100vw, 1809px\" \/><\/p>\n<p><img decoding=\"async\" class=\"alignnone size-full wp-image-6269 aligncenter\" src=\"http:\/\/jumelage.org\/francais\/wp-content\/uploads\/2017\/12\/2017-12-02-1.jpg\" alt=\"\" width=\"2282\" height=\"1265\" srcset=\"https:\/\/jumelage.org\/francais\/wp-content\/uploads\/2017\/12\/2017-12-02-1.jpg 1920w, https:\/\/jumelage.org\/francais\/wp-content\/uploads\/2017\/12\/2017-12-02-1-300x166.jpg 300w, https:\/\/jumelage.org\/francais\/wp-content\/uploads\/2017\/12\/2017-12-02-1-768x426.jpg 768w, https:\/\/jumelage.org\/francais\/wp-content\/uploads\/2017\/12\/2017-12-02-1-1024x568.jpg 1024w, https:\/\/jumelage.org\/francais\/wp-content\/uploads\/2017\/12\/2017-12-02-1-830x460.jpg 830w, https:\/\/jumelage.org\/francais\/wp-content\/uploads\/2017\/12\/2017-12-02-1-230x127.jpg 230w, https:\/\/jumelage.org\/francais\/wp-content\/uploads\/2017\/12\/2017-12-02-1-350x194.jpg 350w, https:\/\/jumelage.org\/francais\/wp-content\/uploads\/2017\/12\/2017-12-02-1-480x266.jpg 480w\" sizes=\"(max-width: 2282px) 100vw, 2282px\" \/><\/p>\n","protected":false},"excerpt":{"rendered":"<p>.&nbsp;&nbsp;&nbsp;&nbsp;&nbsp;&nbsp;&nbsp;&nbsp;&nbsp;&nbsp;&nbsp;&nbsp;&nbsp;&nbsp;&nbsp;&nbsp;&nbsp; Le Drapeau d\u2019honneur de l\u2019Europe a \u00e9t\u00e9 remis \u00e0 la Ville de Saint-Germain-en-Laye, samedi 02 d\u00e9cembre 2017, par M. Luis Leite Ramos, d\u00e9put\u00e9 portugais [&hellip;]<\/p>\n","protected":false},"author":1,"featured_media":0,"parent":1400,"menu_order":1,"comment_status":"closed","ping_status":"closed","template":"page-templates\/page_fullwidth.php","meta":{"two_page_speed":[],"footnotes":""},"class_list":["post-6260","page","type-page","status-publish","hentry"],"yoast_head":"<!-- This site is optimized with the Yoast SEO plugin v27.5 - https:\/\/yoast.com\/product\/yoast-seo-wordpress\/ -->\n<title>Drapeau d&#039;honneur de l&#039;Europe Jumelage<\/title>\n<meta name=\"robots\" content=\"index, follow, max-snippet:-1, max-image-preview:large, max-video-preview:-1\" \/>\n<link rel=\"canonical\" href=\"http:\/\/jumelage.org\/francais\/manifestations\/drapeau-dhonneur-de-leurope\/\" \/>\n<meta property=\"og:locale\" content=\"fr_FR\" \/>\n<meta property=\"og:type\" content=\"article\" \/>\n<meta property=\"og:title\" content=\"Drapeau d&#039;honneur de l&#039;Europe Jumelage\" \/>\n<meta property=\"og:description\" content=\".&nbsp;&nbsp;&nbsp;&nbsp;&nbsp;&nbsp;&nbsp;&nbsp;&nbsp;&nbsp;&nbsp;&nbsp;&nbsp;&nbsp;&nbsp;&nbsp;&nbsp; Le Drapeau d\u2019honneur de l\u2019Europe a \u00e9t\u00e9 remis \u00e0 la Ville de Saint-Germain-en-Laye, samedi 02 d\u00e9cembre 2017, par M. Luis Leite Ramos, d\u00e9put\u00e9 portugais [&hellip;]\" \/>\n<meta property=\"og:url\" content=\"http:\/\/jumelage.org\/francais\/manifestations\/drapeau-dhonneur-de-leurope\/\" \/>\n<meta property=\"og:site_name\" content=\"Jumelage\" \/>\n<meta property=\"article:publisher\" content=\"http:\/\/www.facebook.com\/jumelagew.sgl\/\" \/>\n<meta property=\"article:modified_time\" content=\"2019-01-13T17:05:22+00:00\" \/>\n<meta property=\"og:image\" content=\"http:\/\/jumelage.org\/francais\/wp-content\/uploads\/2017\/12\/2017-12-02-10.jpg\" \/>\n<meta name=\"twitter:card\" content=\"summary_large_image\" \/>\n<meta name=\"twitter:label1\" content=\"Dur\u00e9e de lecture estim\u00e9e\" \/>\n\t<meta name=\"twitter:data1\" content=\"2 minutes\" \/>\n<script type=\"application\/ld+json\" class=\"yoast-schema-graph\">{\"@context\":\"https:\\\/\\\/schema.org\",\"@graph\":[{\"@type\":\"WebPage\",\"@id\":\"http:\\\/\\\/jumelage.org\\\/francais\\\/manifestations\\\/drapeau-dhonneur-de-leurope\\\/\",\"url\":\"http:\\\/\\\/jumelage.org\\\/francais\\\/manifestations\\\/drapeau-dhonneur-de-leurope\\\/\",\"name\":\"Drapeau d'honneur de l'Europe Jumelage\",\"isPartOf\":{\"@id\":\"https:\\\/\\\/jumelage.org\\\/francais\\\/#website\"},\"primaryImageOfPage\":{\"@id\":\"http:\\\/\\\/jumelage.org\\\/francais\\\/manifestations\\\/drapeau-dhonneur-de-leurope\\\/#primaryimage\"},\"image\":{\"@id\":\"http:\\\/\\\/jumelage.org\\\/francais\\\/manifestations\\\/drapeau-dhonneur-de-leurope\\\/#primaryimage\"},\"thumbnailUrl\":\"http:\\\/\\\/jumelage.org\\\/francais\\\/wp-content\\\/uploads\\\/2017\\\/12\\\/2017-12-02-10.jpg\",\"datePublished\":\"2017-12-03T14:57:20+00:00\",\"dateModified\":\"2019-01-13T17:05:22+00:00\",\"breadcrumb\":{\"@id\":\"http:\\\/\\\/jumelage.org\\\/francais\\\/manifestations\\\/drapeau-dhonneur-de-leurope\\\/#breadcrumb\"},\"inLanguage\":\"fr-FR\",\"potentialAction\":[{\"@type\":\"ReadAction\",\"target\":[\"http:\\\/\\\/jumelage.org\\\/francais\\\/manifestations\\\/drapeau-dhonneur-de-leurope\\\/\"]}]},{\"@type\":\"ImageObject\",\"inLanguage\":\"fr-FR\",\"@id\":\"http:\\\/\\\/jumelage.org\\\/francais\\\/manifestations\\\/drapeau-dhonneur-de-leurope\\\/#primaryimage\",\"url\":\"http:\\\/\\\/jumelage.org\\\/francais\\\/wp-content\\\/uploads\\\/2017\\\/12\\\/2017-12-02-10.jpg\",\"contentUrl\":\"http:\\\/\\\/jumelage.org\\\/francais\\\/wp-content\\\/uploads\\\/2017\\\/12\\\/2017-12-02-10.jpg\"},{\"@type\":\"BreadcrumbList\",\"@id\":\"http:\\\/\\\/jumelage.org\\\/francais\\\/manifestations\\\/drapeau-dhonneur-de-leurope\\\/#breadcrumb\",\"itemListElement\":[{\"@type\":\"ListItem\",\"position\":1,\"name\":\"Accueil\",\"item\":\"https:\\\/\\\/jumelage.org\\\/francais\\\/\"},{\"@type\":\"ListItem\",\"position\":2,\"name\":\"Manifestations\",\"item\":\"http:\\\/\\\/jumelage.org\\\/francais\\\/manifestations\\\/\"},{\"@type\":\"ListItem\",\"position\":3,\"name\":\"Drapeau d&rsquo;honneur de l&rsquo;Europe\"}]},{\"@type\":\"WebSite\",\"@id\":\"https:\\\/\\\/jumelage.org\\\/francais\\\/#website\",\"url\":\"https:\\\/\\\/jumelage.org\\\/francais\\\/\",\"name\":\"Jumelage\",\"description\":\"Saint-Germain-en-Laye &amp; Winchester (MA)\",\"potentialAction\":[{\"@type\":\"SearchAction\",\"target\":{\"@type\":\"EntryPoint\",\"urlTemplate\":\"https:\\\/\\\/jumelage.org\\\/francais\\\/?s={search_term_string}\"},\"query-input\":{\"@type\":\"PropertyValueSpecification\",\"valueRequired\":true,\"valueName\":\"search_term_string\"}}],\"inLanguage\":\"fr-FR\"}]}<\/script>\n<!-- \/ Yoast SEO plugin. -->","yoast_head_json":{"title":"Drapeau d'honneur de l'Europe Jumelage","robots":{"index":"index","follow":"follow","max-snippet":"max-snippet:-1","max-image-preview":"max-image-preview:large","max-video-preview":"max-video-preview:-1"},"canonical":"http:\/\/jumelage.org\/francais\/manifestations\/drapeau-dhonneur-de-leurope\/","og_locale":"fr_FR","og_type":"article","og_title":"Drapeau d'honneur de l'Europe Jumelage","og_description":".&nbsp;&nbsp;&nbsp;&nbsp;&nbsp;&nbsp;&nbsp;&nbsp;&nbsp;&nbsp;&nbsp;&nbsp;&nbsp;&nbsp;&nbsp;&nbsp;&nbsp; Le Drapeau d\u2019honneur de l\u2019Europe a \u00e9t\u00e9 remis \u00e0 la Ville de Saint-Germain-en-Laye, samedi 02 d\u00e9cembre 2017, par M. Luis Leite Ramos, d\u00e9put\u00e9 portugais [&hellip;]","og_url":"http:\/\/jumelage.org\/francais\/manifestations\/drapeau-dhonneur-de-leurope\/","og_site_name":"Jumelage","article_publisher":"http:\/\/www.facebook.com\/jumelagew.sgl\/","article_modified_time":"2019-01-13T17:05:22+00:00","og_image":[{"url":"http:\/\/jumelage.org\/francais\/wp-content\/uploads\/2017\/12\/2017-12-02-10.jpg","type":"","width":"","height":""}],"twitter_card":"summary_large_image","twitter_misc":{"Dur\u00e9e de lecture estim\u00e9e":"2 minutes"},"schema":{"@context":"https:\/\/schema.org","@graph":[{"@type":"WebPage","@id":"http:\/\/jumelage.org\/francais\/manifestations\/drapeau-dhonneur-de-leurope\/","url":"http:\/\/jumelage.org\/francais\/manifestations\/drapeau-dhonneur-de-leurope\/","name":"Drapeau d'honneur de l'Europe Jumelage","isPartOf":{"@id":"https:\/\/jumelage.org\/francais\/#website"},"primaryImageOfPage":{"@id":"http:\/\/jumelage.org\/francais\/manifestations\/drapeau-dhonneur-de-leurope\/#primaryimage"},"image":{"@id":"http:\/\/jumelage.org\/francais\/manifestations\/drapeau-dhonneur-de-leurope\/#primaryimage"},"thumbnailUrl":"http:\/\/jumelage.org\/francais\/wp-content\/uploads\/2017\/12\/2017-12-02-10.jpg","datePublished":"2017-12-03T14:57:20+00:00","dateModified":"2019-01-13T17:05:22+00:00","breadcrumb":{"@id":"http:\/\/jumelage.org\/francais\/manifestations\/drapeau-dhonneur-de-leurope\/#breadcrumb"},"inLanguage":"fr-FR","potentialAction":[{"@type":"ReadAction","target":["http:\/\/jumelage.org\/francais\/manifestations\/drapeau-dhonneur-de-leurope\/"]}]},{"@type":"ImageObject","inLanguage":"fr-FR","@id":"http:\/\/jumelage.org\/francais\/manifestations\/drapeau-dhonneur-de-leurope\/#primaryimage","url":"http:\/\/jumelage.org\/francais\/wp-content\/uploads\/2017\/12\/2017-12-02-10.jpg","contentUrl":"http:\/\/jumelage.org\/francais\/wp-content\/uploads\/2017\/12\/2017-12-02-10.jpg"},{"@type":"BreadcrumbList","@id":"http:\/\/jumelage.org\/francais\/manifestations\/drapeau-dhonneur-de-leurope\/#breadcrumb","itemListElement":[{"@type":"ListItem","position":1,"name":"Accueil","item":"https:\/\/jumelage.org\/francais\/"},{"@type":"ListItem","position":2,"name":"Manifestations","item":"http:\/\/jumelage.org\/francais\/manifestations\/"},{"@type":"ListItem","position":3,"name":"Drapeau d&rsquo;honneur de l&rsquo;Europe"}]},{"@type":"WebSite","@id":"https:\/\/jumelage.org\/francais\/#website","url":"https:\/\/jumelage.org\/francais\/","name":"Jumelage","description":"Saint-Germain-en-Laye &amp; Winchester (MA)","potentialAction":[{"@type":"SearchAction","target":{"@type":"EntryPoint","urlTemplate":"https:\/\/jumelage.org\/francais\/?s={search_term_string}"},"query-input":{"@type":"PropertyValueSpecification","valueRequired":true,"valueName":"search_term_string"}}],"inLanguage":"fr-FR"}]}},"_links":{"self":[{"href":"http:\/\/jumelage.org\/francais\/wp-json\/wp\/v2\/pages\/6260","targetHints":{"allow":["GET"]}}],"collection":[{"href":"http:\/\/jumelage.org\/francais\/wp-json\/wp\/v2\/pages"}],"about":[{"href":"http:\/\/jumelage.org\/francais\/wp-json\/wp\/v2\/types\/page"}],"author":[{"embeddable":true,"href":"http:\/\/jumelage.org\/francais\/wp-json\/wp\/v2\/users\/1"}],"replies":[{"embeddable":true,"href":"http:\/\/jumelage.org\/francais\/wp-json\/wp\/v2\/comments?post=6260"}],"version-history":[{"count":0,"href":"http:\/\/jumelage.org\/francais\/wp-json\/wp\/v2\/pages\/6260\/revisions"}],"up":[{"embeddable":true,"href":"http:\/\/jumelage.org\/francais\/wp-json\/wp\/v2\/pages\/1400"}],"wp:attachment":[{"href":"http:\/\/jumelage.org\/francais\/wp-json\/wp\/v2\/media?parent=6260"}],"curies":[{"name":"wp","href":"https:\/\/api.w.org\/{rel}","templated":true}]}}