{"id":1976,"date":"2017-05-06T22:11:00","date_gmt":"2017-05-06T20:11:00","guid":{"rendered":"http:\/\/jumelage.org\/francais\/?page_id=1976"},"modified":"2017-12-11T18:33:50","modified_gmt":"2017-12-11T17:33:50","slug":"2015-le-saillant-de-saint-mihiel-55","status":"publish","type":"page","link":"http:\/\/jumelage.org\/francais\/voyages\/realises\/2015-le-saillant-de-saint-mihiel-55\/","title":{"rendered":"2015 &#8211; Le Saillant de Saint-Mihiel (55)"},"content":{"rendered":"<p style=\"text-align: justify;\">Nous \u00e9tions une quarantaine (dont 7 du jumelage Winchester et une douzaine d\u2019amis allemands qui nous ont rejoints sur place) ces 25\/26 mai pour la visite du Saillant de Saint-Mihiel (sud de la Meuse), organis\u00e9e par le jumelage d\u2019Aschaffenburg.<\/p>\n<p style=\"text-align: justify;\">Le premier de ces haut-lieux de la Grande Guerre, a \u00e9t\u00e9 le <strong>Fort de Troyon<\/strong>, l\u2019un des 166 forts de liaison, situ\u00e9s en moyenne \u00e0 6 km les uns des autres, soit \u00e0 une distance inf\u00e9rieure aux 9 km de port\u00e9e des canons de l\u2019\u00e9poque. Avec 43 autres ouvrages secondaires et 250 batteries, ces forts constituaient le rideau d\u00e9fensif, entre Toul et Verdun, con\u00e7u par le G\u00e9n\u00e9ral S\u00e9r\u00e9 de Rivi\u00e8res. Construit en 20 mois (1878\/1879), d\u2019une surface de 5 ha, sur un terrain de 23 ha., il est fait de voutes ma\u00e7onn\u00e9es recouvertes de 5 \u00e0 6 m de terre et comporte 18 plateformes d\u2019artillerie lourde \u00e0 ciel ouvert et des logements et locaux casemat\u00e9s.<\/p>\n<p style=\"padding-left: 30px; text-align: justify;\"><img decoding=\"async\" class=\"aligncenter wp-image-1977\" src=\"http:\/\/jumelage.org\/francais\/wp-content\/uploads\/Voyages\/Saint-Mihiel-1.png\" alt=\"\" width=\"838\" height=\"327\" srcset=\"https:\/\/jumelage.org\/francais\/wp-content\/uploads\/Voyages\/Saint-Mihiel-1.png 641w, https:\/\/jumelage.org\/francais\/wp-content\/uploads\/Voyages\/Saint-Mihiel-1-300x117.png 300w, https:\/\/jumelage.org\/francais\/wp-content\/uploads\/Voyages\/Saint-Mihiel-1-230x90.png 230w, https:\/\/jumelage.org\/francais\/wp-content\/uploads\/Voyages\/Saint-Mihiel-1-350x137.png 350w, https:\/\/jumelage.org\/francais\/wp-content\/uploads\/Voyages\/Saint-Mihiel-1-480x187.png 480w\" sizes=\"(max-width: 838px) 100vw, 838px\" \/><\/p>\n<p style=\"text-align: justify;\">Au-del\u00e0 de l\u2019\u00e9motion et de \u00ab\u00a0l\u2019\u00e9merveillement\u00a0\u00bb ressentis pendant la visite, la surprise a \u00e9t\u00e9 grande de d\u00e9couvrir que ce fort (comme les autres), est tomb\u00e9 peu \u00e0 peu dans l\u2019oubli et laiss\u00e9 \u00e0 l\u2019abandon recouvert de friches, sauf pendant la 2<sup>\u00e8me<\/sup> guerre o\u00f9 il a \u00e9t\u00e9 utilis\u00e9 par les am\u00e9ricains comme base logistique. En 1993, un particulier l\u2019a achet\u00e9, puis autoris\u00e9 une association de quelques b\u00e9n\u00e9voles, n\u2019ayant d\u2019autre ressource que la vente des rares billets d\u2019entr\u00e9e\u00a0\u2013aucune subvention publique locale, r\u00e9gionale ou nationale n\u2019ayant \u00e9t\u00e9 obtenue- \u00e0 le restaurer.<\/p>\n<p style=\"text-align: justify;\">Nous avons ensuite visit\u00e9 quelques plateformes du <strong>Saillant de Saint-Mihiel<\/strong>. Les Allemands cherchant \u00e0 prendre la place forte de Verdun en tenaille op\u00e9r\u00e8rent en septembre 1914 une avanc\u00e9e de 20 km dans le dispositif fran\u00e7ais, qui se \u00ab\u00a0limitera\u00a0\u00bb \u00e0 cette poche, sans pouvoir aller plus loin et donc encercler Verdun. Ce n\u2019est qu\u2019en septembre 1918, apr\u00e8s 4 ann\u00e9es de combats d\u2019une intensit\u00e9 dramatique, que 9 divisions am\u00e9ricaines et 4 fran\u00e7aises et leurs 250\u00a0000 hommes command\u00e9s par le G\u00e9n\u00e9ral Pershing, r\u00e9duiront, en 30 heures, le saillant sur un front de 64 km.<\/p>\n<p style=\"text-align: justify;\">L\u00e0 aussi, m\u00eame surprise en apprenant que ces sites sont restaur\u00e9s et entretenus b\u00e9n\u00e9volement (avec seulement quelques subventions durement acquises), depuis 20 ans par notre guide Norbert KUGEL, qui les a ouverts au public par des sentiers balis\u00e9s. Ces immenses r\u00e9seaux de tranch\u00e9es, impressionnants par leur conception (b\u00e9tonn\u00e9s c\u00f4t\u00e9 allemand\u00a0!), leur densit\u00e9 et la proximit\u00e9 des fronts (parfois distants de moins de 20 m) sont tr\u00e8s \u00e9mouvants.<\/p>\n<p style=\"text-align: justify;\">\u00a0<img decoding=\"async\" class=\"aligncenter wp-image-1978\" src=\"http:\/\/jumelage.org\/francais\/wp-content\/uploads\/Voyages\/Saint-Mihiel-2.png\" alt=\"\" width=\"834\" height=\"310\" srcset=\"https:\/\/jumelage.org\/francais\/wp-content\/uploads\/Voyages\/Saint-Mihiel-2.png 640w, https:\/\/jumelage.org\/francais\/wp-content\/uploads\/Voyages\/Saint-Mihiel-2-300x112.png 300w, https:\/\/jumelage.org\/francais\/wp-content\/uploads\/Voyages\/Saint-Mihiel-2-230x86.png 230w, https:\/\/jumelage.org\/francais\/wp-content\/uploads\/Voyages\/Saint-Mihiel-2-350x130.png 350w, https:\/\/jumelage.org\/francais\/wp-content\/uploads\/Voyages\/Saint-Mihiel-2-480x179.png 480w\" sizes=\"(max-width: 834px) 100vw, 834px\" \/><\/p>\n<p style=\"text-align: justify;\">Et l\u2019\u00e9motion a \u00e9t\u00e9 \u00e0 son comble en arrivant au <strong>Bois-Br\u00fbl\u00e9<\/strong>, lorsque nous nous sommes recueillis devant la plaque comm\u00e9morative de l\u2019<span style=\"text-decoration: underline;\"><span style=\"color: #0000ff;\"><strong>Adjudant Jacques P\u00e9ricard<\/strong><\/span><\/span>, l\u00e0 o\u00f9 a r\u00e9sonn\u00e9 le 8 avril 1915 son \u00ab\u00a0Debout les morts\u00a0!\u00a0\u00bb qui a motiv\u00e9 ses troupes d\u2019\u00e9clop\u00e9s pour reconqu\u00e9rir une tranch\u00e9e. Le lecteur imaginera l\u2019ambiance, lorsqu\u2019il apprendra que celui-ci \u00e9tait le p\u00e8re de Th\u00e9r\u00e8se Grand-Chavin, l\u2019organisatrice de ce voyage.<\/p>\n<p style=\"text-align: justify;\"><img decoding=\"async\" class=\"aligncenter wp-image-1979\" src=\"http:\/\/jumelage.org\/francais\/wp-content\/uploads\/Voyages\/Saint-Mihiel-3.png\" alt=\"\" width=\"1062\" height=\"613\" srcset=\"https:\/\/jumelage.org\/francais\/wp-content\/uploads\/Voyages\/Saint-Mihiel-3.png 637w, https:\/\/jumelage.org\/francais\/wp-content\/uploads\/Voyages\/Saint-Mihiel-3-300x173.png 300w, https:\/\/jumelage.org\/francais\/wp-content\/uploads\/Voyages\/Saint-Mihiel-3-230x133.png 230w, https:\/\/jumelage.org\/francais\/wp-content\/uploads\/Voyages\/Saint-Mihiel-3-350x202.png 350w, https:\/\/jumelage.org\/francais\/wp-content\/uploads\/Voyages\/Saint-Mihiel-3-480x277.png 480w\" sizes=\"(max-width: 1062px) 100vw, 1062px\" \/><\/p>\n<p style=\"text-align: justify;\">Le programme nous a aussi conduits aux <strong>tranch\u00e9es des Bavarois, de Roffignac <\/strong>et <strong>de la Croix des Redoutes<\/strong>, \u00e0 <strong>Marbotte<\/strong> avec son mus\u00e9e, cr\u00e9\u00e9 et entretenu par des b\u00e9n\u00e9voles \u00e9galement, et son \u00e9glise transform\u00e9e pendant la guerre en h\u00f4pital qui a vu tant de mourants que ses dalles en \u00e9taient rougies par le sang, au <strong>monument am\u00e9ricain de Montsec<\/strong>, majestueux sur sa butte et entretenu \u2026 \u00e0 l\u2019am\u00e9ricaine. Une passionnante <strong>conf\u00e9rence sur l\u2019Europe,<\/strong> \u00e0 la <strong>maison de Robert Schuman,<\/strong> a suscit\u00e9 beaucoup de questions et commentaires, au point de n\u2019avoir pas eu le temps de la visiter.<\/p>\n<p style=\"text-align: center;\">\u00a0\u00a0 <img decoding=\"async\" class=\"alignnone wp-image-6583\" src=\"http:\/\/jumelage.org\/francais\/wp-content\/uploads\/2017\/12\/2016-Montsec-2.jpg\" alt=\"\" width=\"343\" height=\"257\" srcset=\"https:\/\/jumelage.org\/francais\/wp-content\/uploads\/2017\/12\/2016-Montsec-2.jpg 1920w, https:\/\/jumelage.org\/francais\/wp-content\/uploads\/2017\/12\/2016-Montsec-2-300x225.jpg 300w, https:\/\/jumelage.org\/francais\/wp-content\/uploads\/2017\/12\/2016-Montsec-2-768x576.jpg 768w, https:\/\/jumelage.org\/francais\/wp-content\/uploads\/2017\/12\/2016-Montsec-2-1024x768.jpg 1024w, https:\/\/jumelage.org\/francais\/wp-content\/uploads\/2017\/12\/2016-Montsec-2-830x623.jpg 830w, https:\/\/jumelage.org\/francais\/wp-content\/uploads\/2017\/12\/2016-Montsec-2-230x173.jpg 230w, https:\/\/jumelage.org\/francais\/wp-content\/uploads\/2017\/12\/2016-Montsec-2-350x263.jpg 350w, https:\/\/jumelage.org\/francais\/wp-content\/uploads\/2017\/12\/2016-Montsec-2-480x360.jpg 480w\" sizes=\"(max-width: 343px) 100vw, 343px\" \/>\u00a0\u00a0\u00a0 <img decoding=\"async\" class=\"alignnone wp-image-6584\" src=\"http:\/\/jumelage.org\/francais\/wp-content\/uploads\/2017\/12\/2016-Montsec-3.jpg\" alt=\"\" width=\"340\" height=\"255\" srcset=\"https:\/\/jumelage.org\/francais\/wp-content\/uploads\/2017\/12\/2016-Montsec-3.jpg 1920w, https:\/\/jumelage.org\/francais\/wp-content\/uploads\/2017\/12\/2016-Montsec-3-300x225.jpg 300w, https:\/\/jumelage.org\/francais\/wp-content\/uploads\/2017\/12\/2016-Montsec-3-768x576.jpg 768w, https:\/\/jumelage.org\/francais\/wp-content\/uploads\/2017\/12\/2016-Montsec-3-1024x768.jpg 1024w, https:\/\/jumelage.org\/francais\/wp-content\/uploads\/2017\/12\/2016-Montsec-3-830x623.jpg 830w, https:\/\/jumelage.org\/francais\/wp-content\/uploads\/2017\/12\/2016-Montsec-3-230x173.jpg 230w, https:\/\/jumelage.org\/francais\/wp-content\/uploads\/2017\/12\/2016-Montsec-3-350x263.jpg 350w, https:\/\/jumelage.org\/francais\/wp-content\/uploads\/2017\/12\/2016-Montsec-3-480x360.jpg 480w\" sizes=\"(max-width: 340px) 100vw, 340px\" \/>\u00a0\u00a0\u00a0 <img decoding=\"async\" class=\"alignnone wp-image-6582\" src=\"http:\/\/jumelage.org\/francais\/wp-content\/uploads\/2017\/12\/2016-Montsec-1.jpg\" alt=\"\" width=\"341\" height=\"256\" srcset=\"https:\/\/jumelage.org\/francais\/wp-content\/uploads\/2017\/12\/2016-Montsec-1.jpg 1920w, https:\/\/jumelage.org\/francais\/wp-content\/uploads\/2017\/12\/2016-Montsec-1-300x225.jpg 300w, https:\/\/jumelage.org\/francais\/wp-content\/uploads\/2017\/12\/2016-Montsec-1-768x576.jpg 768w, https:\/\/jumelage.org\/francais\/wp-content\/uploads\/2017\/12\/2016-Montsec-1-1024x768.jpg 1024w, https:\/\/jumelage.org\/francais\/wp-content\/uploads\/2017\/12\/2016-Montsec-1-830x623.jpg 830w, https:\/\/jumelage.org\/francais\/wp-content\/uploads\/2017\/12\/2016-Montsec-1-230x173.jpg 230w, https:\/\/jumelage.org\/francais\/wp-content\/uploads\/2017\/12\/2016-Montsec-1-350x263.jpg 350w, https:\/\/jumelage.org\/francais\/wp-content\/uploads\/2017\/12\/2016-Montsec-1-480x360.jpg 480w\" sizes=\"(max-width: 341px) 100vw, 341px\" \/><\/p>\n<p>&nbsp;<\/p>\n<p style=\"text-align: center;\">\u00a0<img decoding=\"async\" class=\"alignnone wp-image-6581\" src=\"http:\/\/jumelage.org\/francais\/wp-content\/uploads\/2017\/12\/2016-R.Schuman-2.jpg\" alt=\"\" width=\"515\" height=\"387\" srcset=\"https:\/\/jumelage.org\/francais\/wp-content\/uploads\/2017\/12\/2016-R.Schuman-2.jpg 1920w, https:\/\/jumelage.org\/francais\/wp-content\/uploads\/2017\/12\/2016-R.Schuman-2-300x225.jpg 300w, https:\/\/jumelage.org\/francais\/wp-content\/uploads\/2017\/12\/2016-R.Schuman-2-768x576.jpg 768w, https:\/\/jumelage.org\/francais\/wp-content\/uploads\/2017\/12\/2016-R.Schuman-2-1024x768.jpg 1024w, https:\/\/jumelage.org\/francais\/wp-content\/uploads\/2017\/12\/2016-R.Schuman-2-830x623.jpg 830w, https:\/\/jumelage.org\/francais\/wp-content\/uploads\/2017\/12\/2016-R.Schuman-2-230x173.jpg 230w, https:\/\/jumelage.org\/francais\/wp-content\/uploads\/2017\/12\/2016-R.Schuman-2-350x263.jpg 350w, https:\/\/jumelage.org\/francais\/wp-content\/uploads\/2017\/12\/2016-R.Schuman-2-480x360.jpg 480w\" sizes=\"(max-width: 515px) 100vw, 515px\" \/>\u00a0\u00a0\u00a0\u00a0 <img decoding=\"async\" class=\"alignnone wp-image-6580\" src=\"http:\/\/jumelage.org\/francais\/wp-content\/uploads\/2017\/12\/2016-R.Schuman-1.jpg\" alt=\"\" width=\"518\" height=\"388\" srcset=\"https:\/\/jumelage.org\/francais\/wp-content\/uploads\/2017\/12\/2016-R.Schuman-1.jpg 1920w, https:\/\/jumelage.org\/francais\/wp-content\/uploads\/2017\/12\/2016-R.Schuman-1-300x225.jpg 300w, https:\/\/jumelage.org\/francais\/wp-content\/uploads\/2017\/12\/2016-R.Schuman-1-768x576.jpg 768w, https:\/\/jumelage.org\/francais\/wp-content\/uploads\/2017\/12\/2016-R.Schuman-1-1024x768.jpg 1024w, https:\/\/jumelage.org\/francais\/wp-content\/uploads\/2017\/12\/2016-R.Schuman-1-830x622.jpg 830w, https:\/\/jumelage.org\/francais\/wp-content\/uploads\/2017\/12\/2016-R.Schuman-1-230x172.jpg 230w, https:\/\/jumelage.org\/francais\/wp-content\/uploads\/2017\/12\/2016-R.Schuman-1-350x262.jpg 350w, https:\/\/jumelage.org\/francais\/wp-content\/uploads\/2017\/12\/2016-R.Schuman-1-480x360.jpg 480w\" sizes=\"(max-width: 518px) 100vw, 518px\" \/><\/p>\n<p style=\"text-align: justify;\"><em>Didier Briffaud &#8211; 25 \/ 26 mai 2016<br \/>\n<\/em><\/p>\n","protected":false},"excerpt":{"rendered":"<p>Nous \u00e9tions une quarantaine (dont 7 du jumelage Winchester et une douzaine d\u2019amis allemands qui nous ont rejoints sur place) ces 25\/26 mai pour la [&hellip;]<\/p>\n","protected":false},"author":1,"featured_media":0,"parent":875,"menu_order":0,"comment_status":"closed","ping_status":"closed","template":"page-templates\/page_fullwidth.php","meta":{"two_page_speed":[],"footnotes":""},"class_list":["post-1976","page","type-page","status-publish","hentry"],"yoast_head":"<!-- This site is optimized with the Yoast SEO plugin v27.5 - https:\/\/yoast.com\/product\/yoast-seo-wordpress\/ -->\n<title>2015 - Le Saillant de Saint-Mihiel (55) Jumelage<\/title>\n<meta name=\"robots\" content=\"index, follow, max-snippet:-1, max-image-preview:large, max-video-preview:-1\" \/>\n<link rel=\"canonical\" href=\"http:\/\/jumelage.org\/francais\/voyages\/realises\/2015-le-saillant-de-saint-mihiel-55\/\" \/>\n<meta property=\"og:locale\" content=\"fr_FR\" \/>\n<meta property=\"og:type\" content=\"article\" \/>\n<meta property=\"og:title\" content=\"2015 - Le Saillant de Saint-Mihiel (55) Jumelage\" \/>\n<meta property=\"og:description\" content=\"Nous \u00e9tions une quarantaine (dont 7 du jumelage Winchester et une douzaine d\u2019amis allemands qui nous ont rejoints sur place) ces 25\/26 mai pour la [&hellip;]\" \/>\n<meta property=\"og:url\" content=\"http:\/\/jumelage.org\/francais\/voyages\/realises\/2015-le-saillant-de-saint-mihiel-55\/\" \/>\n<meta property=\"og:site_name\" content=\"Jumelage\" \/>\n<meta property=\"article:publisher\" content=\"http:\/\/www.facebook.com\/jumelagew.sgl\/\" \/>\n<meta property=\"article:modified_time\" content=\"2017-12-11T17:33:50+00:00\" \/>\n<meta property=\"og:image\" content=\"http:\/\/jumelage.org\/francais\/wp-content\/uploads\/Voyages\/Saint-Mihiel-1.png\" \/>\n<meta name=\"twitter:card\" content=\"summary_large_image\" \/>\n<meta name=\"twitter:label1\" content=\"Dur\u00e9e de lecture estim\u00e9e\" \/>\n\t<meta name=\"twitter:data1\" content=\"3 minutes\" \/>\n<script type=\"application\/ld+json\" class=\"yoast-schema-graph\">{\"@context\":\"https:\\\/\\\/schema.org\",\"@graph\":[{\"@type\":\"WebPage\",\"@id\":\"http:\\\/\\\/jumelage.org\\\/francais\\\/voyages\\\/realises\\\/2015-le-saillant-de-saint-mihiel-55\\\/\",\"url\":\"http:\\\/\\\/jumelage.org\\\/francais\\\/voyages\\\/realises\\\/2015-le-saillant-de-saint-mihiel-55\\\/\",\"name\":\"2015 - Le Saillant de Saint-Mihiel (55) Jumelage\",\"isPartOf\":{\"@id\":\"https:\\\/\\\/jumelage.org\\\/francais\\\/#website\"},\"primaryImageOfPage\":{\"@id\":\"http:\\\/\\\/jumelage.org\\\/francais\\\/voyages\\\/realises\\\/2015-le-saillant-de-saint-mihiel-55\\\/#primaryimage\"},\"image\":{\"@id\":\"http:\\\/\\\/jumelage.org\\\/francais\\\/voyages\\\/realises\\\/2015-le-saillant-de-saint-mihiel-55\\\/#primaryimage\"},\"thumbnailUrl\":\"http:\\\/\\\/jumelage.org\\\/francais\\\/wp-content\\\/uploads\\\/Voyages\\\/Saint-Mihiel-1.png\",\"datePublished\":\"2017-05-06T20:11:00+00:00\",\"dateModified\":\"2017-12-11T17:33:50+00:00\",\"breadcrumb\":{\"@id\":\"http:\\\/\\\/jumelage.org\\\/francais\\\/voyages\\\/realises\\\/2015-le-saillant-de-saint-mihiel-55\\\/#breadcrumb\"},\"inLanguage\":\"fr-FR\",\"potentialAction\":[{\"@type\":\"ReadAction\",\"target\":[\"http:\\\/\\\/jumelage.org\\\/francais\\\/voyages\\\/realises\\\/2015-le-saillant-de-saint-mihiel-55\\\/\"]}]},{\"@type\":\"ImageObject\",\"inLanguage\":\"fr-FR\",\"@id\":\"http:\\\/\\\/jumelage.org\\\/francais\\\/voyages\\\/realises\\\/2015-le-saillant-de-saint-mihiel-55\\\/#primaryimage\",\"url\":\"http:\\\/\\\/jumelage.org\\\/francais\\\/wp-content\\\/uploads\\\/Voyages\\\/Saint-Mihiel-1.png\",\"contentUrl\":\"http:\\\/\\\/jumelage.org\\\/francais\\\/wp-content\\\/uploads\\\/Voyages\\\/Saint-Mihiel-1.png\"},{\"@type\":\"BreadcrumbList\",\"@id\":\"http:\\\/\\\/jumelage.org\\\/francais\\\/voyages\\\/realises\\\/2015-le-saillant-de-saint-mihiel-55\\\/#breadcrumb\",\"itemListElement\":[{\"@type\":\"ListItem\",\"position\":1,\"name\":\"Accueil\",\"item\":\"https:\\\/\\\/jumelage.org\\\/francais\\\/\"},{\"@type\":\"ListItem\",\"position\":2,\"name\":\"Voyages\",\"item\":\"http:\\\/\\\/jumelage.org\\\/francais\\\/voyages\\\/\"},{\"@type\":\"ListItem\",\"position\":3,\"name\":\"Voyages r\u00e9alis\u00e9s\",\"item\":\"http:\\\/\\\/jumelage.org\\\/francais\\\/voyages\\\/realises\\\/\"},{\"@type\":\"ListItem\",\"position\":4,\"name\":\"2015 &#8211; Le Saillant de Saint-Mihiel (55)\"}]},{\"@type\":\"WebSite\",\"@id\":\"https:\\\/\\\/jumelage.org\\\/francais\\\/#website\",\"url\":\"https:\\\/\\\/jumelage.org\\\/francais\\\/\",\"name\":\"Jumelage\",\"description\":\"Saint-Germain-en-Laye &amp; Winchester (MA)\",\"potentialAction\":[{\"@type\":\"SearchAction\",\"target\":{\"@type\":\"EntryPoint\",\"urlTemplate\":\"https:\\\/\\\/jumelage.org\\\/francais\\\/?s={search_term_string}\"},\"query-input\":{\"@type\":\"PropertyValueSpecification\",\"valueRequired\":true,\"valueName\":\"search_term_string\"}}],\"inLanguage\":\"fr-FR\"}]}<\/script>\n<!-- \/ Yoast SEO plugin. -->","yoast_head_json":{"title":"2015 - Le Saillant de Saint-Mihiel (55) Jumelage","robots":{"index":"index","follow":"follow","max-snippet":"max-snippet:-1","max-image-preview":"max-image-preview:large","max-video-preview":"max-video-preview:-1"},"canonical":"http:\/\/jumelage.org\/francais\/voyages\/realises\/2015-le-saillant-de-saint-mihiel-55\/","og_locale":"fr_FR","og_type":"article","og_title":"2015 - Le Saillant de Saint-Mihiel (55) Jumelage","og_description":"Nous \u00e9tions une quarantaine (dont 7 du jumelage Winchester et une douzaine d\u2019amis allemands qui nous ont rejoints sur place) ces 25\/26 mai pour la [&hellip;]","og_url":"http:\/\/jumelage.org\/francais\/voyages\/realises\/2015-le-saillant-de-saint-mihiel-55\/","og_site_name":"Jumelage","article_publisher":"http:\/\/www.facebook.com\/jumelagew.sgl\/","article_modified_time":"2017-12-11T17:33:50+00:00","og_image":[{"url":"http:\/\/jumelage.org\/francais\/wp-content\/uploads\/Voyages\/Saint-Mihiel-1.png","type":"","width":"","height":""}],"twitter_card":"summary_large_image","twitter_misc":{"Dur\u00e9e de lecture estim\u00e9e":"3 minutes"},"schema":{"@context":"https:\/\/schema.org","@graph":[{"@type":"WebPage","@id":"http:\/\/jumelage.org\/francais\/voyages\/realises\/2015-le-saillant-de-saint-mihiel-55\/","url":"http:\/\/jumelage.org\/francais\/voyages\/realises\/2015-le-saillant-de-saint-mihiel-55\/","name":"2015 - Le Saillant de Saint-Mihiel (55) Jumelage","isPartOf":{"@id":"https:\/\/jumelage.org\/francais\/#website"},"primaryImageOfPage":{"@id":"http:\/\/jumelage.org\/francais\/voyages\/realises\/2015-le-saillant-de-saint-mihiel-55\/#primaryimage"},"image":{"@id":"http:\/\/jumelage.org\/francais\/voyages\/realises\/2015-le-saillant-de-saint-mihiel-55\/#primaryimage"},"thumbnailUrl":"http:\/\/jumelage.org\/francais\/wp-content\/uploads\/Voyages\/Saint-Mihiel-1.png","datePublished":"2017-05-06T20:11:00+00:00","dateModified":"2017-12-11T17:33:50+00:00","breadcrumb":{"@id":"http:\/\/jumelage.org\/francais\/voyages\/realises\/2015-le-saillant-de-saint-mihiel-55\/#breadcrumb"},"inLanguage":"fr-FR","potentialAction":[{"@type":"ReadAction","target":["http:\/\/jumelage.org\/francais\/voyages\/realises\/2015-le-saillant-de-saint-mihiel-55\/"]}]},{"@type":"ImageObject","inLanguage":"fr-FR","@id":"http:\/\/jumelage.org\/francais\/voyages\/realises\/2015-le-saillant-de-saint-mihiel-55\/#primaryimage","url":"http:\/\/jumelage.org\/francais\/wp-content\/uploads\/Voyages\/Saint-Mihiel-1.png","contentUrl":"http:\/\/jumelage.org\/francais\/wp-content\/uploads\/Voyages\/Saint-Mihiel-1.png"},{"@type":"BreadcrumbList","@id":"http:\/\/jumelage.org\/francais\/voyages\/realises\/2015-le-saillant-de-saint-mihiel-55\/#breadcrumb","itemListElement":[{"@type":"ListItem","position":1,"name":"Accueil","item":"https:\/\/jumelage.org\/francais\/"},{"@type":"ListItem","position":2,"name":"Voyages","item":"http:\/\/jumelage.org\/francais\/voyages\/"},{"@type":"ListItem","position":3,"name":"Voyages r\u00e9alis\u00e9s","item":"http:\/\/jumelage.org\/francais\/voyages\/realises\/"},{"@type":"ListItem","position":4,"name":"2015 &#8211; Le Saillant de Saint-Mihiel (55)"}]},{"@type":"WebSite","@id":"https:\/\/jumelage.org\/francais\/#website","url":"https:\/\/jumelage.org\/francais\/","name":"Jumelage","description":"Saint-Germain-en-Laye &amp; Winchester (MA)","potentialAction":[{"@type":"SearchAction","target":{"@type":"EntryPoint","urlTemplate":"https:\/\/jumelage.org\/francais\/?s={search_term_string}"},"query-input":{"@type":"PropertyValueSpecification","valueRequired":true,"valueName":"search_term_string"}}],"inLanguage":"fr-FR"}]}},"_links":{"self":[{"href":"http:\/\/jumelage.org\/francais\/wp-json\/wp\/v2\/pages\/1976","targetHints":{"allow":["GET"]}}],"collection":[{"href":"http:\/\/jumelage.org\/francais\/wp-json\/wp\/v2\/pages"}],"about":[{"href":"http:\/\/jumelage.org\/francais\/wp-json\/wp\/v2\/types\/page"}],"author":[{"embeddable":true,"href":"http:\/\/jumelage.org\/francais\/wp-json\/wp\/v2\/users\/1"}],"replies":[{"embeddable":true,"href":"http:\/\/jumelage.org\/francais\/wp-json\/wp\/v2\/comments?post=1976"}],"version-history":[{"count":0,"href":"http:\/\/jumelage.org\/francais\/wp-json\/wp\/v2\/pages\/1976\/revisions"}],"up":[{"embeddable":true,"href":"http:\/\/jumelage.org\/francais\/wp-json\/wp\/v2\/pages\/875"}],"wp:attachment":[{"href":"http:\/\/jumelage.org\/francais\/wp-json\/wp\/v2\/media?parent=1976"}],"curies":[{"name":"wp","href":"https:\/\/api.w.org\/{rel}","templated":true}]}}